{"id":1309,"date":"2016-10-06T16:20:13","date_gmt":"2016-10-06T16:20:13","guid":{"rendered":"https:\/\/zahnarzt-herth.it\/home-2\/"},"modified":"2023-05-22T17:47:34","modified_gmt":"2023-05-22T15:47:34","slug":"home-2","status":"publish","type":"page","link":"https:\/\/zahnarzt-herth.it\/it\/","title":{"rendered":"Dentista Vipiteno"},"content":{"rendered":"<p>[vc_row disable_element=&#8221;yes&#8221; full_width=&#8221;0&#8243; full_height=&#8221;0&#8243; row_padding=&#8221;no_padding&#8221; cols_padding=&#8221;no_cols_padding&#8221; elevate=&#8221;elevate&#8221; background=&#8221;transparent&#8221; el_class=&#8221;disabled_folded_section&#8221;][vc_column width=&#8221;1\/4&#8243; color_set=&#8221;skincolored_section&#8221; background=&#8221;transparent&#8221; offset=&#8221;vc_col-xs-6&#8243; css=&#8221;.vc_custom_1639579491293{background-color: #938f84 !important;}&#8221;][vc_single_image image=&#8221;991&#8243; img_size=&#8221;medium&#8221; onclick=&#8221;custom_link&#8221; link=&#8221;https:\/\/zahnarzt-herth.it\/it\/servizi\/profilassi\/&#8221;]<!-- ========================== TEASER BOX ==========================-->\n<div class=\"teaser_box wpb_content_element text-center  transparent boxed same_height_col  with_button    \">\n\n\n\n      <a href=\"https:\/\/zahnarzt-herth.it\/it\/servizi\/profilassi\/\" debug title=\"\" target=\"\"> \n\n        \n\n    <\/a>\n\n\n\n\n  <div class=\"content text-center   with_button \">\n    \n    <div class=\"hgroup\">\n       <h4 class=\"neutralize_links\">\n       Profilassi\n       <\/h4>\n       <p>Benessere per i tuoi denti!<\/p> \n    <\/div>\n\n    \n\n    <div class=\"link centered\">\n        <a href=\"https:\/\/zahnarzt-herth.it\/it\/servizi\/profilassi\/\"  target=\"\" class=\"btn btn-xs btn-secondary\"><strong>Continua<\/strong><\/a>\n    <\/div>\n\n  <\/div>\n\n<\/div>\n\n<!-- END======================= TEASER BOX ==========================-->[\/vc_column][vc_column width=&#8221;1\/4&#8243; color_set=&#8221;skincolored_section&#8221; background=&#8221;transparent&#8221; offset=&#8221;vc_col-xs-6&#8243; css=&#8221;.vc_custom_1638832670056{background-color: #c2beb4 !important;}&#8221;][vc_single_image image=&#8221;1034&#8243; img_size=&#8221;medium&#8221; onclick=&#8221;custom_link&#8221; link=&#8221;https:\/\/zahnarzt-herth.it\/it\/servizi\/implantologia\/&#8221;]<!-- ========================== TEASER BOX ==========================-->\n<div class=\"teaser_box wpb_content_element text-center  transparent boxed same_height_col  with_button    \">\n\n\n\n      <a href=\"https:\/\/zahnarzt-herth.it\/it\/servizi\/implantologia\/\" debug title=\"Implantologia\" target=\"\"> \n\n        \n\n    <\/a>\n\n\n\n\n  <div class=\"content text-center   with_button \">\n    \n    <div class=\"hgroup\">\n       <h4 class=\"neutralize_links\">\n       Implantologia\n       <\/h4>\n       <p>Per una migliore qualit\u00e0 di vita!<\/p> \n    <\/div>\n\n    \n\n    <div class=\"link centered\">\n        <a href=\"https:\/\/zahnarzt-herth.it\/it\/servizi\/implantologia\/\" Implantologia target=\"\" class=\"btn btn-xs btn-secondary\"><strong>Continua<\/strong><\/a>\n    <\/div>\n\n  <\/div>\n\n<\/div>\n\n<!-- END======================= TEASER BOX ==========================-->[\/vc_column][vc_column width=&#8221;1\/4&#8243; color_set=&#8221;skincolored_section&#8221; offset=&#8221;vc_col-xs-6&#8243; css=&#8221;.vc_custom_1639579497599{background-color: #938f84 !important;}&#8221;][vc_single_image image=&#8221;1241&#8243; img_size=&#8221;medium&#8221; onclick=&#8221;custom_link&#8221; link=&#8221;https:\/\/zahnarzt-herth.it\/it\/servizi\/protesi-dentarie\/&#8221;]<!-- ========================== TEASER BOX ==========================-->\n<div class=\"teaser_box wpb_content_element text-center  transparent boxed same_height_col  with_button    \">\n\n\n\n      <a href=\"https:\/\/zahnarzt-herth.it\/it\/servizi\/protesi-dentarie\/\" debug title=\"PROTESI DENTARIE\" target=\"\"> \n\n        \n\n    <\/a>\n\n\n\n\n  <div class=\"content text-center   with_button \">\n    \n    <div class=\"hgroup\">\n       <h4 class=\"neutralize_links\">\n       Protesi dentarie\n       <\/h4>\n       <p>Protesi di alta qualit\u00e0<\/p> \n    <\/div>\n\n    \n\n    <div class=\"link centered\">\n        <a href=\"https:\/\/zahnarzt-herth.it\/it\/servizi\/protesi-dentarie\/\" PROTESI DENTARIE target=\"\" class=\"btn btn-xs btn-secondary\"><strong>Continua<\/strong><\/a>\n    <\/div>\n\n  <\/div>\n\n<\/div>\n\n<!-- END======================= TEASER BOX ==========================-->[\/vc_column][vc_column width=&#8221;1\/4&#8243; color_set=&#8221;skincolored_section&#8221; background=&#8221;transparent&#8221; offset=&#8221;vc_col-xs-6&#8243; css=&#8221;.vc_custom_1638832681009{background-color: #c2beb4 !important;}&#8221;][vc_single_image image=&#8221;1049&#8243; img_size=&#8221;medium&#8221; onclick=&#8221;custom_link&#8221; link=&#8221;https:\/\/zahnarzt-herth.it\/it\/servizi\/ortodonzia-invisibile\/&#8221;]<!-- ========================== TEASER BOX ==========================-->\n<div class=\"teaser_box wpb_content_element text-center  transparent boxed same_height_col  with_button    \">\n\n\n\n      <a href=\"https:\/\/zahnarzt-herth.it\/it\/servizi\/ortodonzia-invisibile\/\" debug title=\"Ortodonzia invisibile\" target=\"\"> \n\n        \n\n    <\/a>\n\n\n\n\n  <div class=\"content text-center   with_button \">\n    \n    <div class=\"hgroup\">\n       <h4 class=\"neutralize_links\">\n       Ortodonzia invisibile\n       <\/h4>\n       <p>Allineatori invisibili<\/p> \n    <\/div>\n\n    \n\n    <div class=\"link centered\">\n        <a href=\"https:\/\/zahnarzt-herth.it\/it\/servizi\/ortodonzia-invisibile\/\" Ortodonzia invisibile target=\"\" class=\"btn btn-xs btn-secondary\"><strong>Continua<\/strong><\/a>\n    <\/div>\n\n  <\/div>\n\n<\/div>\n\n<!-- END======================= TEASER BOX ==========================-->[\/vc_column][\/vc_row][vc_row full_width=&#8221;0&#8243; full_height=&#8221;0&#8243; row_padding=&#8221;no_padding&#8221; sep_bottom=&#8221;separator_bottom sep_angled_negative_bottom&#8221; particles=&#8221;0&#8243; css=&#8221;.vc_custom_1659966825931{padding-top: 80px !important;}&#8221;][vc_column]<div class=\"section_header subtitle_bottom   fancy text-left\">\n\n    <h3>Benvenuti nello studio dentistico Dr. med. dent. Herth!<\/h3>\n\n\n        <p >Siamo lieti di darvi il benvenuto nella nostra homepage.<\/p>\n<\/div>[\/vc_column][vc_column width=&#8221;2\/3&#8243; heading_align=&#8221;text-center&#8221; align=&#8221;text-left&#8221; margin=&#8221;margin_bottom_grid&#8221;][vc_column_text]Nel nostro nuovo studio dentistico situato nel <strong>Vipiteno<\/strong> <strong>City Center<\/strong>, il <strong>benessere<\/strong> e la <strong>cura ottimale e personalizzata<\/strong> dei nostri pazienti \u00e8 la nostra massima priorit\u00e0. Il nostro obiettivo \u00e8 quello di permettere a ogni paziente di conservare tutti i denti in una <strong>bocca sana<\/strong> sino all\u2019et\u00e0 avanzata mediante un piano personalizzato di <strong>terapia e profilassi<\/strong>. Con il ricorso a metodi di trattamento delicati e <strong>tecnologie all\u2019avanguardia<\/strong>, vi assisteremo passo dopo passo in tutte le questioni relative alla vostra salute dentale, garantendovi un sorriso radioso!<\/p>\n<p><strong>Non vediamo l\u2019ora di accogliervi assieme alla vostra famiglia!<\/strong><br \/>\nIl vostro Daniel Herth e il team dello studio al completo.[\/vc_column_text][vc_single_image image=&#8221;930&#8243; img_size=&#8221;200&#215;39&#8243;][vc_text_separator title=&#8221;&#8220;Siamo qui per Voi!&#8220;&#8221; title_align=&#8221;separator_align_left&#8221; align=&#8221;align_right&#8221;]<div class=\"plethora_button wpb_content_element   text-left \">\n    <a href=\"https:\/\/zahnarzt-herth.it\/it\/appuntamento\/\" debug class=\" btn btn-default with-icon icon-left\" title=\"Fissare un appuntamento\"  target=\"_self\">\n\n         <i class=\"fa fa-calendar\"><\/i> \n        Fissare un appuntamento\n        \n\n    <\/a>\n<\/div>[\/vc_column][vc_column width=&#8221;1\/3&#8243; align=&#8221;text-left&#8221;]<!-- ========================== TEASER BOX ==========================-->\n<div class=\"teaser_box wpb_content_element text-center  skincolored_section    with_button    \">\n\n  <div class=\"figure \">\n\n\n      <a href=\"https:\/\/zahnarzt-herth.it\/it\/servizi\/\" debug title=\"Servizi\" target=\"\"> \n\n        \n         <div class=\"figure  stretchy_wrapper ratio_16-9\" style=\"background-image:url('https:\/\/zahnarzt-herth.it\/wp-content\/uploads\/2022\/03\/leistungen.jpg')\"><\/div> \n        \n          \n\n        \n\n    <\/a>\n\n  <\/div>\n\n\n\n  <div class=\"content text-center boxed  with_button \">\n    \n    <div class=\"hgroup\">\n       <h4 class=\"neutralize_links\">\n       I nostri servizi\n       <\/h4>\n       <p>Cosa possiamo offrirvi<\/p> \n    <\/div>\n\n    \n\n    <div class=\"link centered\">\n        <a href=\"https:\/\/zahnarzt-herth.it\/it\/servizi\/\" Servizi target=\"\" class=\"btn btn-xs btn-secondary\"><strong>Continua<\/strong><\/a>\n    <\/div>\n\n  <\/div>\n\n<\/div>\n\n<!-- END======================= TEASER BOX ==========================-->[\/vc_column][vc_column][vc_empty_space][\/vc_column][\/vc_row][vc_row color_set=&#8221;secondary_section&#8221; full_width=&#8221;0&#8243; full_height=&#8221;0&#8243; row_padding=&#8221;no_bottom_padding&#8221; particles=&#8221;0&#8243;][vc_column]<div class=\"section_header subtitle_bottom   fancy text-left\">\n\n    <h2>Semplicemente per sentirsi bene<\/h2>\n\n\n        <p >Denti bianchi per un sorriso radioso!<\/p>\n<\/div>[\/vc_column][vc_column heading_align=&#8221;text-center&#8221; align=&#8221;text-left&#8221; margin=&#8221;margin_bottom_grid&#8221; offset=&#8221;vc_col-md-8&#8243;][vc_media_grid element_width=&#8221;6&#8243; item=&#8221;231&#8243; grid_id=&#8221;vc_gid:1684770435885-9b5d0aae-ec23-5&#8243; include=&#8221;970,1464,1462,1460&#8243;][\/vc_column][vc_column align=&#8221;text-left&#8221; offset=&#8221;vc_col-md-4&#8243;][vc_text_separator title=&#8221;Orari di apertura&#8221; i_icon_fontawesome=&#8221;fas fa-user-clock&#8221; i_color=&#8221;grey&#8221; i_size=&#8221;sm&#8221; title_align=&#8221;separator_align_left&#8221; align=&#8221;align_right&#8221; color=&#8221;black&#8221; add_icon=&#8221;true&#8221; el_class=&#8221;x_bold&#8221;][vc_column_text]<\/p>\n<div class=\"timetable\">\n<table class=\"timetable_hours\">\n<tbody>\n<tr>\n<td>LUNED\u00cc<\/td>\n<td>08:00-12:30 \/ 13:30-18:00<\/td>\n<\/tr>\n<tr>\n<td>MARTED\u00cc<\/td>\n<td>08:00-12:30 \/ 13:30-18:00<\/td>\n<\/tr>\n<tr>\n<td>MERCOLED\u00cc<\/td>\n<td>08:00-12:30 \/ 13:30-18:00<\/td>\n<\/tr>\n<tr>\n<td>GIOVED\u00cc<\/td>\n<td>08:00-12:30 \/ 13:30-18:00<\/td>\n<\/tr>\n<tr>\n<td>VENERD\u00cc<\/td>\n<td>08:00-12:30 \/ 13:30-18:00<\/td>\n<\/tr>\n<\/tbody>\n<\/table>\n<\/div>\n<p>[\/vc_column_text][vc_column_text]<\/p>\n<p style=\"margin: 0cm; margin-bottom: .0001pt;\"><span lang=\"IT\">I trattamenti sono possibili anche al di fuori di questi orari d\u2019ufficio previo accordo. Vi invitiamo a mettervi in contatto con noi!<\/span><\/p>\n<p>[\/vc_column_text][vc_empty_space height=&#8221;16px&#8221;][vc_text_separator title=&#8221;PARCHEGGIO GRATUITO&#8221; title_align=&#8221;separator_align_left&#8221; align=&#8221;align_right&#8221; color=&#8221;black&#8221;][vc_column_text]<\/p>\n<p style=\"margin: 0cm; margin-bottom: .0001pt;\"><span lang=\"IT\">Potete usufruire del parcheggio gratuito situato di fronte al City Center per tutta la durata del trattamento!<\/span><\/p>\n<p>[\/vc_column_text][vc_empty_space height=&#8221;15px&#8221;]<div class=\"plethora_button wpb_content_element   text-center btn_block\">\n    <a href=\"https:\/\/mutualhelp.eu\" debug class=\" btn btn-default with-icon icon-left\" title=\"\"  target=\"_blank\">\n\n         <i class=\"wmi icon-i-dental\"><\/i> \n        SIAMO CONVENZIONATI CON MUTUAL HELP\n        \n\n    <\/a>\n<\/div>[\/vc_column][vc_column][vc_empty_space height=&#8221;20px&#8221;][vc_single_image image=&#8221;77&#8243; alignment=&#8221;center&#8221;][vc_empty_space height=&#8221;24px&#8221;][\/vc_column][\/vc_row][vc_row disable_element=&#8221;yes&#8221; color_set=&#8221;light_section&#8221; full_width=&#8221;0&#8243; full_height=&#8221;0&#8243; background=&#8221;bgimage&#8221; bgimage=&#8221;94&#8243; parallax=&#8221;0&#8243;][vc_column]<div class=\"section_header subtitle_bottom   fancy text-left\">\n\n    <h2>Odontoiatria estetica<\/h2>\n\n\n        <p >Denti bianchi per un sorriso radioso!<\/p>\n<\/div>[\/vc_column][vc_column offset=&#8221;vc_col-md-6&#8243;][vc_column_text]Abbiamo davvero a cuore la soddisfazione dei nostri clienti per il buon aspetto dei loro denti. Nel nostro studio a Vipiteno offriamo moderne e indolori procedure di sbiancamento che esaltano la naturale bianchezza dei vostri denti. Lo sbiancamento delicato dei vostri denti \u00e8 possibile in qualunque momento. In caso di decolorazioni, spazi vuoti, denti anteriori danneggiati o leggeri disallineamenti, gusci di ceramica sottilissimi e adatti ai denti, le cosiddette faccette, permettono una correzione estetica nell\u2019area dei denti anteriori. Le faccette sono realizzate su misura per adattarsi alla vostra anatomia con naturalezza e un occhio di riguardo all\u2019estetica.[\/vc_column_text][vc_text_separator title=&#8221;Avete domande?&#8221; title_align=&#8221;separator_align_left&#8221;][vc_column_text]Saremo lieti di fornirvi una consulenza personalizzata.[\/vc_column_text]<div class=\"plethora_button wpb_content_element   text-left \">\n    <a href=\"https:\/\/zahnarzt-herth.it\/it\/appuntamento\/\" debug class=\" btn btn-primary with-icon icon-left\" title=\"Fissare un appuntamento\"  target=\"_self\">\n\n         <i class=\"fa fa-quote-left\"><\/i> \n        Fissare un appuntamento\n        \n\n    <\/a>\n<\/div>[\/vc_column][vc_column offset=&#8221;vc_col-md-6&#8243;]<div  class=\"twentytwenty-container  \" data-default_offset_pct=\"0.5\" data-orientation=\"horizontal\">\n    <img src=\"https:\/\/zahnarzt-herth.it\/wp-content\/uploads\/2016\/09\/before.jpg\">\n    <img src=\"https:\/\/zahnarzt-herth.it\/wp-content\/uploads\/2016\/09\/after.jpg\">\n<\/div>[vc_column_text css=&#8221;.vc_custom_1639756910498{margin-top: 12px !important;}&#8221;]<small>Sposta il cursore per vedere il risultato prima\/dopo.<\/small>[\/vc_column_text][\/vc_column][\/vc_row][vc_row color_set=&#8221;skincolored_section&#8221; align=&#8221;text-center&#8221; full_width=&#8221;0&#8243; full_height=&#8221;0&#8243; row_padding=&#8221;no_padding&#8221; sep_top=&#8221;separator_top sep_angled_positive_top&#8221; sep_bottom=&#8221;separator_bottom sep_angled_positive_bottom&#8221; particles=&#8221;0&#8243;][vc_column width=&#8221;1\/3&#8243;]<!-- ========================== TEASER BOX ==========================-->\n<div class=\"teaser_box wpb_content_element text-center   boxed     \">\n\n\n  <div class=\"figure \">\n\n\n        \n\n        \n\n        <i class=\"fa fa-car\"><\/i>\n\n\n\n\n  <\/div>\n\n\n  <div class=\"content text-center  \">\n    \n    <div class=\"hgroup\">\n       <h4 class=\"neutralize_links\">\n       Parcheggiare\n       <\/h4>\n       <p>Parcheggio gratuito<\/p> \n    <\/div>\n\n    \n\n\n  <\/div>\n\n<\/div>\n\n<!-- END======================= TEASER BOX ==========================-->[\/vc_column][vc_column width=&#8221;1\/3&#8243;]<!-- ========================== TEASER BOX ==========================-->\n<div class=\"teaser_box wpb_content_element text-center   boxed     \">\n\n\n  <div class=\"figure \">\n\n\n        \n\n        \n\n        <i class=\"fa fa-bus\"><\/i>\n\n\n\n\n  <\/div>\n\n\n  <div class=\"content text-center  \">\n    \n    <div class=\"hgroup\">\n       <h4 class=\"neutralize_links\">\n       Trasporti pubblici\n       <\/h4>\n       <p>A 5 minuti dalla stazione di Vipiteno,<br \/>\na 5 minuti dalla fermata dell'autobus, ponte Flainer<\/p> \n    <\/div>\n\n    \n\n\n  <\/div>\n\n<\/div>\n\n<!-- END======================= TEASER BOX ==========================-->[\/vc_column][vc_column width=&#8221;1\/3&#8243;]<!-- ========================== TEASER BOX ==========================-->\n<div class=\"teaser_box wpb_content_element text-center   boxed     \">\n\n\n  <div class=\"figure \">\n\n\n        \n\n        \n\n        <i class=\"fa fa-wheelchair\"><\/i>\n\n\n\n\n  <\/div>\n\n\n  <div class=\"content text-center  \">\n    \n    <div class=\"hgroup\">\n       <h4 class=\"neutralize_links\">\n       Accessibile ai portatori di handicap\n       <\/h4>\n       <p>Accesso sedia a rotelle<\/p> \n    <\/div>\n\n    \n\n\n  <\/div>\n\n<\/div>\n\n<!-- END======================= TEASER BOX ==========================-->[\/vc_column][\/vc_row]<\/p>\n","protected":false},"excerpt":{"rendered":"<p>[vc_row disable_element=&#8221;yes&#8221; full_width=&#8221;0&#8243; full_height=&#8221;0&#8243; row_padding=&#8221;no_padding&#8221; cols_padding=&#8221;no_cols_padding&#8221; elevate=&#8221;elevate&#8221; background=&#8221;transparent&#8221; el_class=&#8221;disabled_folded_section&#8221;][vc_column width=&#8221;1\/4&#8243; color_set=&#8221;skincolored_section&#8221; background=&#8221;transparent&#8221; offset=&#8221;vc_col-xs-6&#8243; css=&#8221;.vc_custom_1639579491293{background-color: #938f84 !important;}&#8221;][vc_single_image image=&#8221;991&#8243; img_size=&#8221;medium&#8221; onclick=&#8221;custom_link&#8221; link=&#8221;https:\/\/zahnarzt-herth.it\/it\/servizi\/profilassi\/&#8221;][\/vc_column][vc_column width=&#8221;1\/4&#8243; color_set=&#8221;skincolored_section&#8221; background=&#8221;transparent&#8221; offset=&#8221;vc_col-xs-6&#8243; css=&#8221;.vc_custom_1638832670056{background-color: #c2beb4 !important;}&#8221;][vc_single_image image=&#8221;1034&#8243; img_size=&#8221;medium&#8221; onclick=&#8221;custom_link&#8221; link=&#8221;https:\/\/zahnarzt-herth.it\/it\/servizi\/implantologia\/&#8221;][\/vc_column][vc_column width=&#8221;1\/4&#8243; color_set=&#8221;skincolored_section&#8221; offset=&#8221;vc_col-xs-6&#8243; css=&#8221;.vc_custom_1639579497599{background-color: #938f84 !important;}&#8221;][vc_single_image image=&#8221;1241&#8243; img_size=&#8221;medium&#8221; onclick=&#8221;custom_link&#8221; link=&#8221;https:\/\/zahnarzt-herth.it\/it\/servizi\/protesi-dentarie\/&#8221;][\/vc_column][vc_column width=&#8221;1\/4&#8243; color_set=&#8221;skincolored_section&#8221; background=&#8221;transparent&#8221; offset=&#8221;vc_col-xs-6&#8243; css=&#8221;.vc_custom_1638832681009{background-color: #c2beb4 !important;}&#8221;][vc_single_image image=&#8221;1049&#8243; img_size=&#8221;medium&#8221; onclick=&#8221;custom_link&#8221; link=&#8221;https:\/\/zahnarzt-herth.it\/it\/servizi\/ortodonzia-invisibile\/&#8221;][\/vc_column][\/vc_row][vc_row full_width=&#8221;0&#8243; full_height=&#8221;0&#8243; row_padding=&#8221;no_padding&#8221; [&hellip;]<\/p>\n","protected":false},"author":1,"featured_media":1525,"parent":0,"menu_order":0,"comment_status":"closed","ping_status":"closed","template":"","meta":[],"yoast_head":"<!-- This site is optimized with the Yoast SEO plugin v20.7 - https:\/\/yoast.com\/wordpress\/plugins\/seo\/ -->\n<title>Dentista Vipiteno | Studio Dentistico Dr. med. dent. Daniel Herth<\/title>\n<meta name=\"description\" content=\"Ihr Zahnarzt in Sterzing! In unserer neuen Praxis im City Center Sterzing stehen das Wohlbefinden und die optimale, individuelle Versorgung unserer Patienten an erster Stelle\" \/>\n<meta name=\"robots\" content=\"index, follow, max-snippet:-1, max-image-preview:large, max-video-preview:-1\" \/>\n<link rel=\"canonical\" href=\"https:\/\/zahnarzt-herth.it\/it\/\" \/>\n<meta property=\"og:locale\" content=\"it_IT\" \/>\n<meta property=\"og:type\" content=\"article\" \/>\n<meta property=\"og:title\" content=\"Dentista Vipiteno | Studio Dentistico Dr. med. dent. Daniel Herth\" \/>\n<meta property=\"og:description\" content=\"Ihr Zahnarzt in Sterzing! In unserer neuen Praxis im City Center Sterzing stehen das Wohlbefinden und die optimale, individuelle Versorgung unserer Patienten an erster Stelle\" \/>\n<meta property=\"og:url\" content=\"https:\/\/zahnarzt-herth.it\/it\/\" \/>\n<meta property=\"og:site_name\" content=\"Studio Dentistico Dr. med. dent. Daniel Herth\" \/>\n<meta property=\"article:modified_time\" content=\"2023-05-22T15:47:34+00:00\" \/>\n<meta property=\"og:image\" content=\"https:\/\/zahnarzt-herth.it\/wp-content\/uploads\/2022\/08\/team-daniel-verena.jpg\" \/>\n\t<meta property=\"og:image:width\" content=\"1440\" \/>\n\t<meta property=\"og:image:height\" content=\"961\" \/>\n\t<meta property=\"og:image:type\" content=\"image\/jpeg\" \/>\n<meta name=\"twitter:card\" content=\"summary_large_image\" \/>\n<meta name=\"twitter:label1\" content=\"Tempo di lettura stimato\" \/>\n\t<meta name=\"twitter:data1\" content=\"4 minuti\" \/>\n<script type=\"application\/ld+json\" class=\"yoast-schema-graph\">{\"@context\":\"https:\/\/schema.org\",\"@graph\":[{\"@type\":\"WebPage\",\"@id\":\"https:\/\/zahnarzt-herth.it\/it\/\",\"url\":\"https:\/\/zahnarzt-herth.it\/it\/\",\"name\":\"Dentista Vipiteno | Studio Dentistico Dr. med. dent. Daniel Herth\",\"isPartOf\":{\"@id\":\"https:\/\/zahnarzt-herth.it\/it\/#website\"},\"datePublished\":\"2016-10-06T16:20:13+00:00\",\"dateModified\":\"2023-05-22T15:47:34+00:00\",\"description\":\"Ihr Zahnarzt in Sterzing! In unserer neuen Praxis im City Center Sterzing stehen das Wohlbefinden und die optimale, individuelle Versorgung unserer Patienten an erster Stelle\",\"breadcrumb\":{\"@id\":\"https:\/\/zahnarzt-herth.it\/it\/#breadcrumb\"},\"inLanguage\":\"it-IT\",\"potentialAction\":[{\"@type\":\"ReadAction\",\"target\":[\"https:\/\/zahnarzt-herth.it\/it\/\"]}]},{\"@type\":\"BreadcrumbList\",\"@id\":\"https:\/\/zahnarzt-herth.it\/it\/#breadcrumb\",\"itemListElement\":[{\"@type\":\"ListItem\",\"position\":1,\"name\":\"Startseite\",\"item\":\"https:\/\/zahnarzt-herth.it\/it\/\"},{\"@type\":\"ListItem\",\"position\":2,\"name\":\"Dentista Vipiteno\"}]},{\"@type\":\"WebSite\",\"@id\":\"https:\/\/zahnarzt-herth.it\/it\/#website\",\"url\":\"https:\/\/zahnarzt-herth.it\/it\/\",\"name\":\"Studio Dentistico Dr. med. dent. Daniel Herth\",\"description\":\"Vipiteno, City Center\",\"publisher\":{\"@id\":\"https:\/\/zahnarzt-herth.it\/it\/#organization\"},\"potentialAction\":[{\"@type\":\"SearchAction\",\"target\":{\"@type\":\"EntryPoint\",\"urlTemplate\":\"https:\/\/zahnarzt-herth.it\/it\/?s={search_term_string}\"},\"query-input\":\"required name=search_term_string\"}],\"inLanguage\":\"it-IT\"},{\"@type\":\"Organization\",\"@id\":\"https:\/\/zahnarzt-herth.it\/it\/#organization\",\"name\":\"Zahnarztpraxis Dr. med. dent. Daniel Herth\",\"url\":\"https:\/\/zahnarzt-herth.it\/it\/\",\"logo\":{\"@type\":\"ImageObject\",\"inLanguage\":\"it-IT\",\"@id\":\"https:\/\/zahnarzt-herth.it\/it\/#\/schema\/logo\/image\/\",\"url\":\"https:\/\/zahnarzt-herth.it\/wp-content\/uploads\/2021\/11\/logo@2x_herth.png\",\"contentUrl\":\"https:\/\/zahnarzt-herth.it\/wp-content\/uploads\/2021\/11\/logo@2x_herth.png\",\"width\":549,\"height\":150,\"caption\":\"Zahnarztpraxis Dr. med. dent. Daniel Herth\"},\"image\":{\"@id\":\"https:\/\/zahnarzt-herth.it\/it\/#\/schema\/logo\/image\/\"}}]}<\/script>\n<!-- \/ Yoast SEO plugin. -->","yoast_head_json":{"title":"Dentista Vipiteno | Studio Dentistico Dr. med. dent. Daniel Herth","description":"Ihr Zahnarzt in Sterzing! In unserer neuen Praxis im City Center Sterzing stehen das Wohlbefinden und die optimale, individuelle Versorgung unserer Patienten an erster Stelle","robots":{"index":"index","follow":"follow","max-snippet":"max-snippet:-1","max-image-preview":"max-image-preview:large","max-video-preview":"max-video-preview:-1"},"canonical":"https:\/\/zahnarzt-herth.it\/it\/","og_locale":"it_IT","og_type":"article","og_title":"Dentista Vipiteno | Studio Dentistico Dr. med. dent. Daniel Herth","og_description":"Ihr Zahnarzt in Sterzing! In unserer neuen Praxis im City Center Sterzing stehen das Wohlbefinden und die optimale, individuelle Versorgung unserer Patienten an erster Stelle","og_url":"https:\/\/zahnarzt-herth.it\/it\/","og_site_name":"Studio Dentistico Dr. med. dent. Daniel Herth","article_modified_time":"2023-05-22T15:47:34+00:00","og_image":[{"width":1440,"height":961,"url":"https:\/\/zahnarzt-herth.it\/wp-content\/uploads\/2022\/08\/team-daniel-verena.jpg","type":"image\/jpeg"}],"twitter_card":"summary_large_image","twitter_misc":{"Tempo di lettura stimato":"4 minuti"},"schema":{"@context":"https:\/\/schema.org","@graph":[{"@type":"WebPage","@id":"https:\/\/zahnarzt-herth.it\/it\/","url":"https:\/\/zahnarzt-herth.it\/it\/","name":"Dentista Vipiteno | Studio Dentistico Dr. med. dent. Daniel Herth","isPartOf":{"@id":"https:\/\/zahnarzt-herth.it\/it\/#website"},"datePublished":"2016-10-06T16:20:13+00:00","dateModified":"2023-05-22T15:47:34+00:00","description":"Ihr Zahnarzt in Sterzing! In unserer neuen Praxis im City Center Sterzing stehen das Wohlbefinden und die optimale, individuelle Versorgung unserer Patienten an erster Stelle","breadcrumb":{"@id":"https:\/\/zahnarzt-herth.it\/it\/#breadcrumb"},"inLanguage":"it-IT","potentialAction":[{"@type":"ReadAction","target":["https:\/\/zahnarzt-herth.it\/it\/"]}]},{"@type":"BreadcrumbList","@id":"https:\/\/zahnarzt-herth.it\/it\/#breadcrumb","itemListElement":[{"@type":"ListItem","position":1,"name":"Startseite","item":"https:\/\/zahnarzt-herth.it\/it\/"},{"@type":"ListItem","position":2,"name":"Dentista Vipiteno"}]},{"@type":"WebSite","@id":"https:\/\/zahnarzt-herth.it\/it\/#website","url":"https:\/\/zahnarzt-herth.it\/it\/","name":"Studio Dentistico Dr. med. dent. Daniel Herth","description":"Vipiteno, City Center","publisher":{"@id":"https:\/\/zahnarzt-herth.it\/it\/#organization"},"potentialAction":[{"@type":"SearchAction","target":{"@type":"EntryPoint","urlTemplate":"https:\/\/zahnarzt-herth.it\/it\/?s={search_term_string}"},"query-input":"required name=search_term_string"}],"inLanguage":"it-IT"},{"@type":"Organization","@id":"https:\/\/zahnarzt-herth.it\/it\/#organization","name":"Zahnarztpraxis Dr. med. dent. Daniel Herth","url":"https:\/\/zahnarzt-herth.it\/it\/","logo":{"@type":"ImageObject","inLanguage":"it-IT","@id":"https:\/\/zahnarzt-herth.it\/it\/#\/schema\/logo\/image\/","url":"https:\/\/zahnarzt-herth.it\/wp-content\/uploads\/2021\/11\/logo@2x_herth.png","contentUrl":"https:\/\/zahnarzt-herth.it\/wp-content\/uploads\/2021\/11\/logo@2x_herth.png","width":549,"height":150,"caption":"Zahnarztpraxis Dr. med. dent. Daniel Herth"},"image":{"@id":"https:\/\/zahnarzt-herth.it\/it\/#\/schema\/logo\/image\/"}}]}},"_links":{"self":[{"href":"https:\/\/zahnarzt-herth.it\/it\/wp-json\/wp\/v2\/pages\/1309"}],"collection":[{"href":"https:\/\/zahnarzt-herth.it\/it\/wp-json\/wp\/v2\/pages"}],"about":[{"href":"https:\/\/zahnarzt-herth.it\/it\/wp-json\/wp\/v2\/types\/page"}],"author":[{"embeddable":true,"href":"https:\/\/zahnarzt-herth.it\/it\/wp-json\/wp\/v2\/users\/1"}],"replies":[{"embeddable":true,"href":"https:\/\/zahnarzt-herth.it\/it\/wp-json\/wp\/v2\/comments?post=1309"}],"version-history":[{"count":11,"href":"https:\/\/zahnarzt-herth.it\/it\/wp-json\/wp\/v2\/pages\/1309\/revisions"}],"predecessor-version":[{"id":1555,"href":"https:\/\/zahnarzt-herth.it\/it\/wp-json\/wp\/v2\/pages\/1309\/revisions\/1555"}],"wp:featuredmedia":[{"embeddable":true,"href":"https:\/\/zahnarzt-herth.it\/it\/wp-json\/wp\/v2\/media\/1525"}],"wp:attachment":[{"href":"https:\/\/zahnarzt-herth.it\/it\/wp-json\/wp\/v2\/media?parent=1309"}],"curies":[{"name":"wp","href":"https:\/\/api.w.org\/{rel}","templated":true}]}}